{"id":355,"date":"2024-03-20T20:00:46","date_gmt":"2024-03-20T19:00:46","guid":{"rendered":"https:\/\/artacoiffeur.043test.nl\/?page_id=355"},"modified":"2025-11-28T12:08:28","modified_gmt":"2025-11-28T11:08:28","slug":"produits","status":"publish","type":"page","link":"https:\/\/artacoiffeur.nl\/fr\/producten\/","title":{"rendered":"Produits"},"content":{"rendered":"<div data-elementor-type=\"wp-page\" data-elementor-id=\"355\" class=\"elementor elementor-355\" data-elementor-post-type=\"page\">\n\t\t\t\t<div class=\"elementor-element elementor-element-98f1d8d e-flex e-con-boxed e-con e-parent\" data-id=\"98f1d8d\" data-element_type=\"container\" data-e-type=\"container\" data-settings=\"{&quot;background_background&quot;:&quot;classic&quot;,&quot;jet_parallax_layout_list&quot;:[]}\">\n\t\t\t\t\t<div class=\"e-con-inner\">\n\t\t\t\t<div class=\"elementor-element elementor-element-6abd5e4 elementor-invisible elementor-widget elementor-widget-heading\" data-id=\"6abd5e4\" data-element_type=\"widget\" data-e-type=\"widget\" data-settings=\"{&quot;_animation&quot;:&quot;fadeIn&quot;}\" data-widget_type=\"heading.default\">\n\t\t\t\t<div class=\"elementor-widget-container\">\n\t\t\t\t\t<h2 class=\"elementor-heading-title elementor-size-default\">Produits<\/h2>\t\t\t\t<\/div>\n\t\t\t\t<\/div>\n\t\t\t\t\t<\/div>\n\t\t\t\t<\/div>\n\t\t<div class=\"elementor-element elementor-element-3008f2a e-flex e-con-boxed e-con e-parent\" data-id=\"3008f2a\" data-element_type=\"container\" data-e-type=\"container\" data-settings=\"{&quot;background_background&quot;:&quot;classic&quot;,&quot;jet_parallax_layout_list&quot;:[]}\">\n\t\t\t\t\t<div class=\"e-con-inner\">\n\t\t<div class=\"elementor-element elementor-element-2213cd4 e-con-full e-flex e-con e-child\" data-id=\"2213cd4\" data-element_type=\"container\" data-e-type=\"container\" data-settings=\"{&quot;jet_parallax_layout_list&quot;:[]}\">\n\t\t\t\t<div class=\"elementor-element elementor-element-fac137d elementor-invisible elementor-widget elementor-widget-text-editor\" data-id=\"fac137d\" data-element_type=\"widget\" data-e-type=\"widget\" data-settings=\"{&quot;_animation&quot;:&quot;fadeIn&quot;}\" data-widget_type=\"text-editor.default\">\n\t\t\t\t<div class=\"elementor-widget-container\">\n\t\t\t\t\t\t\t\t\t<p>Uniquement les meilleurs\u00a0<\/p>\t\t\t\t\t\t\t\t<\/div>\n\t\t\t\t<\/div>\n\t\t\t\t<div class=\"elementor-element elementor-element-34fa1dd elementor-invisible elementor-widget elementor-widget-heading\" data-id=\"34fa1dd\" data-element_type=\"widget\" data-e-type=\"widget\" data-settings=\"{&quot;_animation&quot;:&quot;fadeIn&quot;,&quot;_animation_delay&quot;:200}\" data-widget_type=\"heading.default\">\n\t\t\t\t<div class=\"elementor-widget-container\">\n\t\t\t\t\t<h2 class=\"elementor-heading-title elementor-size-default\">Produits<\/h2>\t\t\t\t<\/div>\n\t\t\t\t<\/div>\n\t\t\t\t<div class=\"elementor-element elementor-element-a214243 elementor-invisible elementor-widget elementor-widget-text-editor\" data-id=\"a214243\" data-element_type=\"widget\" data-e-type=\"widget\" data-settings=\"{&quot;_animation&quot;:&quot;fadeIn&quot;,&quot;_animation_delay&quot;:400}\" data-widget_type=\"text-editor.default\">\n\t\t\t\t<div class=\"elementor-widget-container\">\n\t\t\t\t\t\t\t\t\t<p>Nous sommes toujours \u00e0 la recherche des meilleurs produits pour vos soins capillaires, en termes de qualit\u00e9 et de respect de l'environnement. Oliebe, notre coloration v\u00e9g\u00e9tale 100%.&nbsp;<\/p>\n<p>Authentic beauty, Aveda, Sebastian, Unite et Schwarzkopf compl\u00e8tent notre gamme.<\/p>\n<p>Comme la coloration naturelle 100% n'est pas possible pour tout le monde, nous travaillons \u00e9galement avec des colorations chimiques Schwarzkopf, qui pr\u00e9servent la structure du cheveu et lui donnent de la brillance.<\/p>\t\t\t\t\t\t\t\t<\/div>\n\t\t\t\t<\/div>\n\t\t\t\t<\/div>\n\t\t<div class=\"elementor-element elementor-element-4ec7b3b e-con-full e-flex elementor-invisible e-con e-child\" data-id=\"4ec7b3b\" data-element_type=\"container\" data-e-type=\"container\" data-settings=\"{&quot;background_background&quot;:&quot;classic&quot;,&quot;animation&quot;:&quot;fadeIn&quot;,&quot;jet_parallax_layout_list&quot;:[]}\">\n\t\t\t\t<div class=\"elementor-element elementor-element-4e7cb14 elementor-widget elementor-widget-spacer\" data-id=\"4e7cb14\" data-element_type=\"widget\" data-e-type=\"widget\" data-widget_type=\"spacer.default\">\n\t\t\t\t<div class=\"elementor-widget-container\">\n\t\t\t\t\t\t\t<div class=\"elementor-spacer\">\n\t\t\t<div class=\"elementor-spacer-inner\"><\/div>\n\t\t<\/div>\n\t\t\t\t\t\t<\/div>\n\t\t\t\t<\/div>\n\t\t\t\t<\/div>\n\t\t\t\t\t<\/div>\n\t\t\t\t<\/div>\n\t\t<div class=\"elementor-element elementor-element-9e06dc4 e-flex e-con-boxed e-con e-parent\" data-id=\"9e06dc4\" data-element_type=\"container\" data-e-type=\"container\" data-settings=\"{&quot;background_background&quot;:&quot;classic&quot;,&quot;jet_parallax_layout_list&quot;:[]}\">\n\t\t\t\t\t<div class=\"e-con-inner\">\n\t\t<div class=\"elementor-element elementor-element-1fa2644 e-con-full e-flex e-con e-child\" data-id=\"1fa2644\" data-element_type=\"container\" data-e-type=\"container\" data-settings=\"{&quot;jet_parallax_layout_list&quot;:[]}\">\n\t\t<div class=\"elementor-element elementor-element-20ffb84 e-grid e-con-full e-con e-child\" data-id=\"20ffb84\" data-element_type=\"container\" data-e-type=\"container\" data-settings=\"{&quot;jet_parallax_layout_list&quot;:[]}\">\n\t\t\t\t<div class=\"elementor-element elementor-element-2dd2908 elementor-widget elementor-widget-image\" data-id=\"2dd2908\" data-element_type=\"widget\" data-e-type=\"widget\" data-widget_type=\"image.default\">\n\t\t\t\t<div class=\"elementor-widget-container\">\n\t\t\t\t\t\t\t\t\t\t\t\t\t\t\t<img fetchpriority=\"high\" decoding=\"async\" width=\"1280\" height=\"854\" src=\"https:\/\/artacoiffeur.nl\/wp-content\/uploads\/2024\/03\/authenticbeauty-groot.jpeg\" class=\"attachment-full size-full wp-image-523\" alt=\"Coiffeur Salon de coiffure Maastricht\" srcset=\"https:\/\/artacoiffeur.nl\/wp-content\/uploads\/2024\/03\/authenticbeauty-groot.jpeg 1280w, https:\/\/artacoiffeur.nl\/wp-content\/uploads\/2024\/03\/authenticbeauty-groot-300x200.jpeg 300w, https:\/\/artacoiffeur.nl\/wp-content\/uploads\/2024\/03\/authenticbeauty-groot-1024x683.jpeg 1024w, https:\/\/artacoiffeur.nl\/wp-content\/uploads\/2024\/03\/authenticbeauty-groot-768x512.jpeg 768w, https:\/\/artacoiffeur.nl\/wp-content\/uploads\/2024\/03\/authenticbeauty-groot-18x12.jpeg 18w\" sizes=\"(max-width: 1280px) 100vw, 1280px\" \/>\t\t\t\t\t\t\t\t\t\t\t\t\t\t\t<\/div>\n\t\t\t\t<\/div>\n\t\t\t\t<div class=\"elementor-element elementor-element-3b2747c elementor-widget elementor-widget-image\" data-id=\"3b2747c\" data-element_type=\"widget\" data-e-type=\"widget\" data-widget_type=\"image.default\">\n\t\t\t\t<div class=\"elementor-widget-container\">\n\t\t\t\t\t\t\t\t\t\t\t\t\t\t\t<img decoding=\"async\" width=\"1022\" height=\"682\" src=\"https:\/\/artacoiffeur.nl\/wp-content\/uploads\/2025\/11\/ABC_Community_Flatlay_Shooting_06_20223852-e1764328011248.jpg\" class=\"attachment-full size-full wp-image-613\" alt=\"\" srcset=\"https:\/\/artacoiffeur.nl\/wp-content\/uploads\/2025\/11\/ABC_Community_Flatlay_Shooting_06_20223852-e1764328011248.jpg 1022w, https:\/\/artacoiffeur.nl\/wp-content\/uploads\/2025\/11\/ABC_Community_Flatlay_Shooting_06_20223852-e1764328011248-300x200.jpg 300w, https:\/\/artacoiffeur.nl\/wp-content\/uploads\/2025\/11\/ABC_Community_Flatlay_Shooting_06_20223852-e1764328011248-768x513.jpg 768w, https:\/\/artacoiffeur.nl\/wp-content\/uploads\/2025\/11\/ABC_Community_Flatlay_Shooting_06_20223852-e1764328011248-18x12.jpg 18w\" sizes=\"(max-width: 1022px) 100vw, 1022px\" \/>\t\t\t\t\t\t\t\t\t\t\t\t\t\t\t<\/div>\n\t\t\t\t<\/div>\n\t\t\t\t<div class=\"elementor-element elementor-element-7ddc909 elementor-hidden-mobile elementor-widget elementor-widget-image\" data-id=\"7ddc909\" data-element_type=\"widget\" data-e-type=\"widget\" data-widget_type=\"image.default\">\n\t\t\t\t<div class=\"elementor-widget-container\">\n\t\t\t\t\t\t\t\t\t\t\t\t\t\t\t<img decoding=\"async\" width=\"2400\" height=\"1600\" src=\"https:\/\/artacoiffeur.nl\/wp-content\/uploads\/2024\/03\/producten.jpg\" class=\"attachment-full size-full wp-image-366\" alt=\"Coiffeur Salon de coiffure Maastricht\" srcset=\"https:\/\/artacoiffeur.nl\/wp-content\/uploads\/2024\/03\/producten.jpg 2400w, https:\/\/artacoiffeur.nl\/wp-content\/uploads\/2024\/03\/producten-300x200.jpg 300w, https:\/\/artacoiffeur.nl\/wp-content\/uploads\/2024\/03\/producten-1024x683.jpg 1024w, https:\/\/artacoiffeur.nl\/wp-content\/uploads\/2024\/03\/producten-768x512.jpg 768w, https:\/\/artacoiffeur.nl\/wp-content\/uploads\/2024\/03\/producten-1536x1024.jpg 1536w, https:\/\/artacoiffeur.nl\/wp-content\/uploads\/2024\/03\/producten-2048x1365.jpg 2048w\" sizes=\"(max-width: 2400px) 100vw, 2400px\" \/>\t\t\t\t\t\t\t\t\t\t\t\t\t\t\t<\/div>\n\t\t\t\t<\/div>\n\t\t\t\t<\/div>\n\t\t<div class=\"elementor-element elementor-element-7ea3248 e-con-full e-flex e-con e-child\" data-id=\"7ea3248\" data-element_type=\"container\" data-e-type=\"container\" data-settings=\"{&quot;jet_parallax_layout_list&quot;:[]}\">\n\t\t<div class=\"elementor-element elementor-element-fa78b47 e-con-full e-flex e-con e-child\" data-id=\"fa78b47\" data-element_type=\"container\" data-e-type=\"container\" data-settings=\"{&quot;jet_parallax_layout_list&quot;:[]}\">\n\t\t\t\t<div class=\"elementor-element elementor-element-60723d7 elementor-widget elementor-widget-heading\" data-id=\"60723d7\" data-element_type=\"widget\" data-e-type=\"widget\" data-widget_type=\"heading.default\">\n\t\t\t\t<div class=\"elementor-widget-container\">\n\t\t\t\t\t<h3 class=\"elementor-heading-title elementor-size-default\">Une beaut\u00e9 authentique<\/h3>\t\t\t\t<\/div>\n\t\t\t\t<\/div>\n\t\t\t\t<div class=\"elementor-element elementor-element-beabf3c elementor-widget elementor-widget-text-editor\" data-id=\"beabf3c\" data-element_type=\"widget\" data-e-type=\"widget\" data-widget_type=\"text-editor.default\">\n\t\t\t\t<div class=\"elementor-widget-container\">\n\t\t\t\t\t\t\t\t\t<p>Authentic Beauty Concept est une marque de produits capillaires holistiques et haut de gamme issue d'un collectif de coiffeurs. Elle consiste en une collection de produits de soins capillaires naturels \u00e0 base d'ingr\u00e9dients botaniques. La marque croit en des ingr\u00e9dients purs, soigneusement s\u00e9lectionn\u00e9s et v\u00e9g\u00e9taliens. Les produits ne contiennent ni parab\u00e8nes, ni sulfates, ni silicones, ni micro-plastiques. Authentic, c'est VOUS et la v\u00e9rit\u00e9. La beaut\u00e9 naturelle et la simplicit\u00e9.<\/p>\t\t\t\t\t\t\t\t<\/div>\n\t\t\t\t<\/div>\n\t\t\t\t<\/div>\n\t\t<div class=\"elementor-element elementor-element-e0a2c47 e-con-full e-flex e-con e-child\" data-id=\"e0a2c47\" data-element_type=\"container\" data-e-type=\"container\" data-settings=\"{&quot;jet_parallax_layout_list&quot;:[]}\">\n\t\t\t\t<div class=\"elementor-element elementor-element-584d145 elementor-hidden-desktop elementor-hidden-tablet elementor-widget elementor-widget-image\" data-id=\"584d145\" data-element_type=\"widget\" data-e-type=\"widget\" data-widget_type=\"image.default\">\n\t\t\t\t<div class=\"elementor-widget-container\">\n\t\t\t\t\t\t\t\t\t\t\t\t\t\t\t<img decoding=\"async\" width=\"2400\" height=\"1600\" src=\"https:\/\/artacoiffeur.nl\/wp-content\/uploads\/2024\/03\/producten.jpg\" class=\"attachment-full size-full wp-image-366\" alt=\"Coiffeur Salon de coiffure Maastricht\" srcset=\"https:\/\/artacoiffeur.nl\/wp-content\/uploads\/2024\/03\/producten.jpg 2400w, https:\/\/artacoiffeur.nl\/wp-content\/uploads\/2024\/03\/producten-300x200.jpg 300w, https:\/\/artacoiffeur.nl\/wp-content\/uploads\/2024\/03\/producten-1024x683.jpg 1024w, https:\/\/artacoiffeur.nl\/wp-content\/uploads\/2024\/03\/producten-768x512.jpg 768w, https:\/\/artacoiffeur.nl\/wp-content\/uploads\/2024\/03\/producten-1536x1024.jpg 1536w, https:\/\/artacoiffeur.nl\/wp-content\/uploads\/2024\/03\/producten-2048x1365.jpg 2048w\" sizes=\"(max-width: 2400px) 100vw, 2400px\" \/>\t\t\t\t\t\t\t\t\t\t\t\t\t\t\t<\/div>\n\t\t\t\t<\/div>\n\t\t\t\t<div class=\"elementor-element elementor-element-c864405 elementor-widget elementor-widget-heading\" data-id=\"c864405\" data-element_type=\"widget\" data-e-type=\"widget\" data-widget_type=\"heading.default\">\n\t\t\t\t<div class=\"elementor-widget-container\">\n\t\t\t\t\t<h3 class=\"elementor-heading-title elementor-size-default\">Oliebe<\/h3>\t\t\t\t<\/div>\n\t\t\t\t<\/div>\n\t\t\t\t<div class=\"elementor-element elementor-element-a15db51 elementor-widget elementor-widget-text-editor\" data-id=\"a15db51\" data-element_type=\"widget\" data-e-type=\"widget\" data-widget_type=\"text-editor.default\">\n\t\t\t\t<div class=\"elementor-widget-container\">\n\t\t\t\t\t\t\t\t\t<p>Oliebe est une coloration capillaire 100 % v\u00e9g\u00e9tale et purement naturelle. Teindre ses cheveux avec une coloration v\u00e9g\u00e9tale est une exp\u00e9rience totalement nouvelle. Cela commence par l'odeur lors de l'application de la couleur (vous sentez la nature). Et cela se poursuit par la sensation que la coloration fait vraiment du bien aux cheveux. Gr\u00e2ce \u00e0 l'acide tannique et aux substances astringentes contenues dans les plantes, m\u00eame les cheveux ternes deviennent plus forts et brillants apr\u00e8s chaque traitement.<\/p>\t\t\t\t\t\t\t\t<\/div>\n\t\t\t\t<\/div>\n\t\t\t\t<\/div>\n\t\t\t\t<\/div>\n\t\t\t\t<\/div>\n\t\t\t\t\t<\/div>\n\t\t\t\t<\/div>\n\t\t\t\t<\/div>","protected":false},"excerpt":{"rendered":"<p>Producten Alleen de allerbeste\u00a0 Producten We zijn altijd op zoek naar de beste producten voor uw haarverzorging, op het gebied van kwaliteit en milieuvriendelijkheid. Oliebe, onze 100% plantaardige kleuring.&nbsp; Authentic beauty, Aveda, Sebastian, Unite en Schwarzkopf maken ons assortiment compleet. Gezien de 100% natuurlijke kleuring niet bij iedereen mogelijk is, werken wij daarnaast ook nog [&hellip;]<\/p>\n","protected":false},"author":1,"featured_media":0,"parent":0,"menu_order":0,"comment_status":"closed","ping_status":"closed","template":"elementor_header_footer","meta":{"footnotes":""},"class_list":["post-355","page","type-page","status-publish","hentry"],"_links":{"self":[{"href":"https:\/\/artacoiffeur.nl\/fr\/wp-json\/wp\/v2\/pages\/355","targetHints":{"allow":["GET"]}}],"collection":[{"href":"https:\/\/artacoiffeur.nl\/fr\/wp-json\/wp\/v2\/pages"}],"about":[{"href":"https:\/\/artacoiffeur.nl\/fr\/wp-json\/wp\/v2\/types\/page"}],"author":[{"embeddable":true,"href":"https:\/\/artacoiffeur.nl\/fr\/wp-json\/wp\/v2\/users\/1"}],"replies":[{"embeddable":true,"href":"https:\/\/artacoiffeur.nl\/fr\/wp-json\/wp\/v2\/comments?post=355"}],"version-history":[{"count":55,"href":"https:\/\/artacoiffeur.nl\/fr\/wp-json\/wp\/v2\/pages\/355\/revisions"}],"predecessor-version":[{"id":635,"href":"https:\/\/artacoiffeur.nl\/fr\/wp-json\/wp\/v2\/pages\/355\/revisions\/635"}],"wp:attachment":[{"href":"https:\/\/artacoiffeur.nl\/fr\/wp-json\/wp\/v2\/media?parent=355"}],"curies":[{"name":"wp","href":"https:\/\/api.w.org\/{rel}","templated":true}]}}