{"id":245,"date":"2024-03-20T11:27:58","date_gmt":"2024-03-20T10:27:58","guid":{"rendered":"https:\/\/artacoiffeur.043test.nl\/?page_id=245"},"modified":"2025-11-27T10:50:06","modified_gmt":"2025-11-27T09:50:06","slug":"uber-uns","status":"publish","type":"page","link":"https:\/\/artacoiffeur.nl\/de\/over-ons\/","title":{"rendered":"\u00dcber uns"},"content":{"rendered":"<div data-elementor-type=\"wp-page\" data-elementor-id=\"245\" class=\"elementor elementor-245\" data-elementor-post-type=\"page\">\n\t\t\t\t<div class=\"elementor-element elementor-element-81b0bec e-flex e-con-boxed e-con e-parent\" data-id=\"81b0bec\" data-element_type=\"container\" data-e-type=\"container\" data-settings=\"{&quot;background_background&quot;:&quot;classic&quot;,&quot;jet_parallax_layout_list&quot;:[]}\">\n\t\t\t\t\t<div class=\"e-con-inner\">\n\t\t\t\t<div class=\"elementor-element elementor-element-87edefa elementor-invisible elementor-widget elementor-widget-heading\" data-id=\"87edefa\" data-element_type=\"widget\" data-e-type=\"widget\" data-settings=\"{&quot;_animation&quot;:&quot;fadeIn&quot;}\" data-widget_type=\"heading.default\">\n\t\t\t\t<div class=\"elementor-widget-container\">\n\t\t\t\t\t<h2 class=\"elementor-heading-title elementor-size-default\">\u00dcber uns<\/h2>\t\t\t\t<\/div>\n\t\t\t\t<\/div>\n\t\t\t\t\t<\/div>\n\t\t\t\t<\/div>\n\t\t<div class=\"elementor-element elementor-element-8a300bb e-flex e-con-boxed e-con e-parent\" data-id=\"8a300bb\" data-element_type=\"container\" data-e-type=\"container\" data-settings=\"{&quot;background_background&quot;:&quot;classic&quot;,&quot;jet_parallax_layout_list&quot;:[]}\">\n\t\t\t\t\t<div class=\"e-con-inner\">\n\t\t<div class=\"elementor-element elementor-element-90eca33 e-con-full e-flex elementor-invisible e-con e-child\" data-id=\"90eca33\" data-element_type=\"container\" data-e-type=\"container\" data-settings=\"{&quot;background_background&quot;:&quot;classic&quot;,&quot;animation&quot;:&quot;fadeIn&quot;,&quot;jet_parallax_layout_list&quot;:[]}\">\n\t\t\t\t<div class=\"elementor-element elementor-element-12d2141 elementor-widget elementor-widget-spacer\" data-id=\"12d2141\" data-element_type=\"widget\" data-e-type=\"widget\" data-widget_type=\"spacer.default\">\n\t\t\t\t<div class=\"elementor-widget-container\">\n\t\t\t\t\t\t\t<div class=\"elementor-spacer\">\n\t\t\t<div class=\"elementor-spacer-inner\"><\/div>\n\t\t<\/div>\n\t\t\t\t\t\t<\/div>\n\t\t\t\t<\/div>\n\t\t\t\t<\/div>\n\t\t<div class=\"elementor-element elementor-element-f4ea48e e-con-full e-flex e-con e-child\" data-id=\"f4ea48e\" data-element_type=\"container\" data-e-type=\"container\" data-settings=\"{&quot;jet_parallax_layout_list&quot;:[]}\">\n\t\t\t\t<div class=\"elementor-element elementor-element-92035ee elementor-invisible elementor-widget elementor-widget-text-editor\" data-id=\"92035ee\" data-element_type=\"widget\" data-e-type=\"widget\" data-settings=\"{&quot;_animation&quot;:&quot;fadeIn&quot;}\" data-widget_type=\"text-editor.default\">\n\t\t\t\t<div class=\"elementor-widget-container\">\n\t\t\t\t\t\t\t\t\tEin Besuch in Arta ist\t\t\t\t\t\t\t\t<\/div>\n\t\t\t\t<\/div>\n\t\t\t\t<div class=\"elementor-element elementor-element-6f4f941 elementor-invisible elementor-widget elementor-widget-heading\" data-id=\"6f4f941\" data-element_type=\"widget\" data-e-type=\"widget\" data-settings=\"{&quot;_animation&quot;:&quot;fadeIn&quot;,&quot;_animation_delay&quot;:200}\" data-widget_type=\"heading.default\">\n\t\t\t\t<div class=\"elementor-widget-container\">\n\t\t\t\t\t<h2 class=\"elementor-heading-title elementor-size-default\">Mehr als ein Besuch beim Friseur<\/h2>\t\t\t\t<\/div>\n\t\t\t\t<\/div>\n\t\t\t\t<div class=\"elementor-element elementor-element-cc411b8 elementor-invisible elementor-widget elementor-widget-text-editor\" data-id=\"cc411b8\" data-element_type=\"widget\" data-e-type=\"widget\" data-settings=\"{&quot;_animation&quot;:&quot;fadeIn&quot;,&quot;_animation_delay&quot;:400}\" data-widget_type=\"text-editor.default\">\n\t\t\t\t<div class=\"elementor-widget-container\">\n\t\t\t\t\t\t\t\t\t<p>Besuchen Sie Arta Coiffeur, den Friseursalon im Maastrichter Stokstraatviertel seit 1970. In unserem Friseursalon k\u00fcmmert sich unser erfahrenes Team um Ihr Haar, w\u00e4hrend Sie sich bei einer herrlichen Kopfmassage entspannen. In der lebhaften Stokstraat gelegen, bieten wir Qualit\u00e4t und Entspannung f\u00fcr Ihr Haar. Kommen Sie vorbei und genie\u00dfen Sie bei Arta Coiffeur, wo Ihr Haar unsere Leidenschaft ist.<\/p><p>Indem wir Sie genau betrachten und Sie somit wirklich sehen, k\u00f6nnen wir eine Frisur kreieren, die Ihre Pers\u00f6nlichkeit unterstreicht. Wir streben nach Perfektion und Kundenzufriedenheit. Unser Ziel ist es, die Frisur zu kreieren, die am besten zu Ihnen passt.<\/p><p>Sie betreten ein nat\u00fcrliches Interieur mit einer angenehmen Atmosph\u00e4re, die Ruhe und W\u00e4rme ausstrahlt und in der Sie, der Kunde, im Mittelpunkt der Aufmerksamkeit stehen. Genie\u00dfen Sie w\u00e4hrend der Haarw\u00e4sche eine entspannende Kopfmassage. Eine Tasse Kaffee, Tee und Friandises stehen f\u00fcr Sie bereit. Wenn Sie m\u00f6chten, k\u00f6nnen Sie Ihren eigenen Friseur w\u00e4hlen.<\/p><p>M\u00f6chten auch SIE dieses Gesamterlebnis erfahren? Dann hei\u00dfen wir Sie herzlich willkommen in unserem Salon.<\/p><p>Team Arta<\/p>\t\t\t\t\t\t\t\t<\/div>\n\t\t\t\t<\/div>\n\t\t\t\t<\/div>\n\t\t\t\t\t<\/div>\n\t\t\t\t<\/div>\n\t\t<div class=\"elementor-element elementor-element-95a45a8 e-flex e-con-boxed e-con e-parent\" data-id=\"95a45a8\" data-element_type=\"container\" data-e-type=\"container\" data-settings=\"{&quot;jet_parallax_layout_list&quot;:[]}\">\n\t\t\t\t\t<div class=\"e-con-inner\">\n\t\t<div class=\"elementor-element elementor-element-4ca960d e-con-full e-flex e-con e-child\" data-id=\"4ca960d\" data-element_type=\"container\" data-e-type=\"container\" data-settings=\"{&quot;jet_parallax_layout_list&quot;:[]}\">\n\t\t\t\t<div class=\"elementor-element elementor-element-feedb24 elementor-invisible elementor-widget elementor-widget-text-editor\" data-id=\"feedb24\" data-element_type=\"widget\" data-e-type=\"widget\" data-settings=\"{&quot;_animation&quot;:&quot;fadeIn&quot;}\" data-widget_type=\"text-editor.default\">\n\t\t\t\t<div class=\"elementor-widget-container\">\n\t\t\t\t\t\t\t\t\t<p>Arta Coiffeur<\/p>\t\t\t\t\t\t\t\t<\/div>\n\t\t\t\t<\/div>\n\t\t\t\t<div class=\"elementor-element elementor-element-39310a3 elementor-invisible elementor-widget elementor-widget-heading\" data-id=\"39310a3\" data-element_type=\"widget\" data-e-type=\"widget\" data-settings=\"{&quot;_animation&quot;:&quot;fadeIn&quot;,&quot;_animation_delay&quot;:200}\" data-widget_type=\"heading.default\">\n\t\t\t\t<div class=\"elementor-widget-container\">\n\t\t\t\t\t<h2 class=\"elementor-heading-title elementor-size-default\">Unsere Stylisten<\/h2>\t\t\t\t<\/div>\n\t\t\t\t<\/div>\n\t\t<div class=\"elementor-element elementor-element-8b661c2 e-con-full e-flex e-con e-child\" data-id=\"8b661c2\" data-element_type=\"container\" data-e-type=\"container\" data-settings=\"{&quot;jet_parallax_layout_list&quot;:[]}\">\n\t\t\t\t<div class=\"elementor-element elementor-element-a8b9da9 elementor-widget-tablet__width-initial elementor-widget elementor-widget-elementskit-team\" data-id=\"a8b9da9\" data-element_type=\"widget\" data-e-type=\"widget\" data-widget_type=\"elementskit-team.default\">\n\t\t\t\t<div class=\"elementor-widget-container\">\n\t\t\t\t\t<div class=\"ekit-wid-con\">\n\t\t\t\t\t\t\t <div class=\"image-card-v2\"> \t\t\t\t\t\t\t\t\t\t\t\t\t\t\t\t\t<div class=\"profile-image-card elementor-animation- ekit-team-img ekit-team-style-overlay_details text-center\">\n\n\t\t\t\t\t\t\t\t\t\t\t\t\t<img fetchpriority=\"high\" decoding=\"async\" width=\"1152\" height=\"1536\" src=\"https:\/\/artacoiffeur.nl\/wp-content\/uploads\/2024\/03\/bianca2-1152x1536.jpg\" class=\"attachment-1536x1536 size-1536x1536 wp-image-264\" alt=\"Friseur Friseursalon Maastricht\" srcset=\"https:\/\/artacoiffeur.nl\/wp-content\/uploads\/2024\/03\/bianca2-1152x1536.jpg 1152w, https:\/\/artacoiffeur.nl\/wp-content\/uploads\/2024\/03\/bianca2-225x300.jpg 225w, https:\/\/artacoiffeur.nl\/wp-content\/uploads\/2024\/03\/bianca2-768x1024.jpg 768w, https:\/\/artacoiffeur.nl\/wp-content\/uploads\/2024\/03\/bianca2.jpg 1500w\" sizes=\"(max-width: 1152px) 100vw, 1152px\" \/>\t\t\t\t\t\t\t\t\t\t\t\t<div class=\"hover-area\">\n\t\t\t\t\t\t\t<div class=\"profile-body\">\n\t\t\t\t\t\t\t\t<h2 class=\"profile-title\">\n\t\t\t\t\t\t\t\t\t\t\t\t\t\t\t\t\tBianca\t\t\t\t\t\t\t\t\t\t\t\t\t\t\t\t<\/h2>\n\t\t\t\t\t\t\t\t<p class=\"profile-designation\">Stylist<\/p>\n\t\t\t\t\t\t\t\t\t\t\t\t\t\t\t<\/div>\n\t\t\t\t\t\t\t\t\t\t\t\t\t\t\t<div class=\"profile-footer\">\n\t\t\t\t\t\t\t\t\t<ul class=\"ekit-team-social-list\">\n\t\t\t<li class=\"elementor-repeater-item-8f3199d\">\n\t\t\t<a href=\"https:\/\/www.facebook.com\/artacoiffeur\/\" target=\"_blank\" aria-label=\"Facebook\" rel=\"noopener\">\n\t\t\t\t<i aria-hidden=\"true\" class=\"icon icon-facebook\"><\/i>\t\t\t<\/a>\n\t\t<\/li>\n\t\t\t<li class=\"elementor-repeater-item-99b882a\">\n\t\t\t<a href=\"https:\/\/www.instagram.com\/artacoiffeur\" target=\"_blank\" aria-label=\"Pinterest\" rel=\"noopener\">\n\t\t\t\t<i aria-hidden=\"true\" class=\"jki jki-instagram-2-light\"><\/i>\t\t\t<\/a>\n\t\t<\/li>\n\t<\/ul>\n\t\t\t\t\t\t\t\t<\/div>\n\t\t\t\t\t\t\t\t\t\t\t\t\t<\/div>\n\t\t\t\t\t<\/div>\n\t\t\t\t\t <\/div> \n\t\t\t\t\n\t\t\t\t<\/div>\t\t\t\t<\/div>\n\t\t\t\t<\/div>\n\t\t\t\t<div class=\"elementor-element elementor-element-b1cf9bc elementor-widget-tablet__width-initial elementor-widget elementor-widget-elementskit-team\" data-id=\"b1cf9bc\" data-element_type=\"widget\" data-e-type=\"widget\" data-widget_type=\"elementskit-team.default\">\n\t\t\t\t<div class=\"elementor-widget-container\">\n\t\t\t\t\t<div class=\"ekit-wid-con\">\n\t\t\t\t\t\t\t <div class=\"image-card-v2\"> \t\t\t\t\t\t\t\t\t\t\t\t\t\t\t\t\t<div class=\"profile-image-card elementor-animation- ekit-team-img ekit-team-style-overlay_details text-center\">\n\n\t\t\t\t\t\t\t\t\t\t\t\t\t<img decoding=\"async\" width=\"1152\" height=\"1536\" src=\"https:\/\/artacoiffeur.nl\/wp-content\/uploads\/2024\/03\/Brenda2-1152x1536.jpg\" class=\"attachment-1536x1536 size-1536x1536 wp-image-263\" alt=\"Friseur Friseursalon Maastricht\" srcset=\"https:\/\/artacoiffeur.nl\/wp-content\/uploads\/2024\/03\/Brenda2-1152x1536.jpg 1152w, https:\/\/artacoiffeur.nl\/wp-content\/uploads\/2024\/03\/Brenda2-225x300.jpg 225w, https:\/\/artacoiffeur.nl\/wp-content\/uploads\/2024\/03\/Brenda2-768x1024.jpg 768w, https:\/\/artacoiffeur.nl\/wp-content\/uploads\/2024\/03\/Brenda2.jpg 1500w\" sizes=\"(max-width: 1152px) 100vw, 1152px\" \/>\t\t\t\t\t\t\t\t\t\t\t\t<div class=\"hover-area\">\n\t\t\t\t\t\t\t<div class=\"profile-body\">\n\t\t\t\t\t\t\t\t<h2 class=\"profile-title\">\n\t\t\t\t\t\t\t\t\t\t\t\t\t\t\t\t\tBrenda\t\t\t\t\t\t\t\t\t\t\t\t\t\t\t\t<\/h2>\n\t\t\t\t\t\t\t\t<p class=\"profile-designation\">Stylist<\/p>\n\t\t\t\t\t\t\t\t\t\t\t\t\t\t\t<\/div>\n\t\t\t\t\t\t\t\t\t\t\t\t\t\t\t<div class=\"profile-footer\">\n\t\t\t\t\t\t\t\t\t<ul class=\"ekit-team-social-list\">\n\t\t\t<li class=\"elementor-repeater-item-8f3199d\">\n\t\t\t<a href=\"https:\/\/www.facebook.com\/artacoiffeur\/\" target=\"_blank\" aria-label=\"Facebook\" rel=\"noopener\">\n\t\t\t\t<i aria-hidden=\"true\" class=\"icon icon-facebook\"><\/i>\t\t\t<\/a>\n\t\t<\/li>\n\t\t\t<li class=\"elementor-repeater-item-99b882a\">\n\t\t\t<a href=\"https:\/\/www.instagram.com\/artacoiffeur\" target=\"_blank\" aria-label=\"Pinterest\" rel=\"noopener\">\n\t\t\t\t<i aria-hidden=\"true\" class=\"jki jki-instagram-2-light\"><\/i>\t\t\t<\/a>\n\t\t<\/li>\n\t<\/ul>\n\t\t\t\t\t\t\t\t<\/div>\n\t\t\t\t\t\t\t\t\t\t\t\t\t<\/div>\n\t\t\t\t\t<\/div>\n\t\t\t\t\t <\/div> \n\t\t\t\t\n\t\t\t\t<\/div>\t\t\t\t<\/div>\n\t\t\t\t<\/div>\n\t\t\t\t<div class=\"elementor-element elementor-element-91a11a2 elementor-widget-tablet__width-initial elementor-widget elementor-widget-elementskit-team\" data-id=\"91a11a2\" data-element_type=\"widget\" data-e-type=\"widget\" data-widget_type=\"elementskit-team.default\">\n\t\t\t\t<div class=\"elementor-widget-container\">\n\t\t\t\t\t<div class=\"ekit-wid-con\">\n\t\t\t\t\t\t\t <div class=\"image-card-v2\"> \t\t\t\t\t\t\t\t\t\t\t\t\t\t\t\t\t<div class=\"profile-image-card elementor-animation- ekit-team-img ekit-team-style-overlay_details text-center\">\n\n\t\t\t\t\t\t\t\t\t\t\t\t\t<img decoding=\"async\" width=\"1152\" height=\"1536\" src=\"https:\/\/artacoiffeur.nl\/wp-content\/uploads\/2024\/03\/Nadia-1152x1536.jpg\" class=\"attachment-1536x1536 size-1536x1536 wp-image-262\" alt=\"Friseur Friseursalon Maastricht\" srcset=\"https:\/\/artacoiffeur.nl\/wp-content\/uploads\/2024\/03\/Nadia-1152x1536.jpg 1152w, https:\/\/artacoiffeur.nl\/wp-content\/uploads\/2024\/03\/Nadia-225x300.jpg 225w, https:\/\/artacoiffeur.nl\/wp-content\/uploads\/2024\/03\/Nadia-768x1024.jpg 768w, https:\/\/artacoiffeur.nl\/wp-content\/uploads\/2024\/03\/Nadia.jpg 1500w\" sizes=\"(max-width: 1152px) 100vw, 1152px\" \/>\t\t\t\t\t\t\t\t\t\t\t\t<div class=\"hover-area\">\n\t\t\t\t\t\t\t<div class=\"profile-body\">\n\t\t\t\t\t\t\t\t<h2 class=\"profile-title\">\n\t\t\t\t\t\t\t\t\t\t\t\t\t\t\t\t\tNadia\t\t\t\t\t\t\t\t\t\t\t\t\t\t\t\t<\/h2>\n\t\t\t\t\t\t\t\t<p class=\"profile-designation\">Stylist<\/p>\n\t\t\t\t\t\t\t\t\t\t\t\t\t\t\t<\/div>\n\t\t\t\t\t\t\t\t\t\t\t\t\t\t\t<div class=\"profile-footer\">\n\t\t\t\t\t\t\t\t\t<ul class=\"ekit-team-social-list\">\n\t\t\t<li class=\"elementor-repeater-item-8f3199d\">\n\t\t\t<a href=\"https:\/\/www.facebook.com\/artacoiffeur\/\" target=\"_blank\" aria-label=\"Facebook\" rel=\"noopener\">\n\t\t\t\t<i aria-hidden=\"true\" class=\"icon icon-facebook\"><\/i>\t\t\t<\/a>\n\t\t<\/li>\n\t\t\t<li class=\"elementor-repeater-item-99b882a\">\n\t\t\t<a href=\"https:\/\/www.instagram.com\/artacoiffeur\" target=\"_blank\" aria-label=\"Pinterest\" rel=\"noopener\">\n\t\t\t\t<i aria-hidden=\"true\" class=\"jki jki-instagram-2-light\"><\/i>\t\t\t<\/a>\n\t\t<\/li>\n\t<\/ul>\n\t\t\t\t\t\t\t\t<\/div>\n\t\t\t\t\t\t\t\t\t\t\t\t\t<\/div>\n\t\t\t\t\t<\/div>\n\t\t\t\t\t <\/div> \n\t\t\t\t\n\t\t\t\t<\/div>\t\t\t\t<\/div>\n\t\t\t\t<\/div>\n\t\t\t\t<div class=\"elementor-element elementor-element-9b0c0be elementor-widget-tablet__width-initial elementor-widget elementor-widget-elementskit-team\" data-id=\"9b0c0be\" data-element_type=\"widget\" data-e-type=\"widget\" data-widget_type=\"elementskit-team.default\">\n\t\t\t\t<div class=\"elementor-widget-container\">\n\t\t\t\t\t<div class=\"ekit-wid-con\">\n\t\t\t\t\t\t\t <div class=\"image-card-v2\"> \t\t\t\t\t\t\t\t\t\t\t\t\t\t\t\t\t<div class=\"profile-image-card elementor-animation- ekit-team-img ekit-team-style-overlay_details text-center\">\n\n\t\t\t\t\t\t\t\t\t\t\t\t\t<img loading=\"lazy\" decoding=\"async\" width=\"1152\" height=\"1536\" src=\"https:\/\/artacoiffeur.nl\/wp-content\/uploads\/2024\/03\/Suzan2-1152x1536.jpg\" class=\"attachment-1536x1536 size-1536x1536 wp-image-266\" alt=\"Friseur Friseursalon Maastricht\" srcset=\"https:\/\/artacoiffeur.nl\/wp-content\/uploads\/2024\/03\/Suzan2-1152x1536.jpg 1152w, https:\/\/artacoiffeur.nl\/wp-content\/uploads\/2024\/03\/Suzan2-225x300.jpg 225w, https:\/\/artacoiffeur.nl\/wp-content\/uploads\/2024\/03\/Suzan2-768x1024.jpg 768w, https:\/\/artacoiffeur.nl\/wp-content\/uploads\/2024\/03\/Suzan2.jpg 1500w\" sizes=\"(max-width: 1152px) 100vw, 1152px\" \/>\t\t\t\t\t\t\t\t\t\t\t\t<div class=\"hover-area\">\n\t\t\t\t\t\t\t<div class=\"profile-body\">\n\t\t\t\t\t\t\t\t<h2 class=\"profile-title\">\n\t\t\t\t\t\t\t\t\t\t\t\t\t\t\t\t\tSuzan\t\t\t\t\t\t\t\t\t\t\t\t\t\t\t\t<\/h2>\n\t\t\t\t\t\t\t\t<p class=\"profile-designation\">Stylist<\/p>\n\t\t\t\t\t\t\t\t\t\t\t\t\t\t\t<\/div>\n\t\t\t\t\t\t\t\t\t\t\t\t\t\t\t<div class=\"profile-footer\">\n\t\t\t\t\t\t\t\t\t<ul class=\"ekit-team-social-list\">\n\t\t\t<li class=\"elementor-repeater-item-8f3199d\">\n\t\t\t<a href=\"https:\/\/www.facebook.com\/artacoiffeur\/\" target=\"_blank\" aria-label=\"Facebook\" rel=\"noopener\">\n\t\t\t\t<i aria-hidden=\"true\" class=\"icon icon-facebook\"><\/i>\t\t\t<\/a>\n\t\t<\/li>\n\t\t\t<li class=\"elementor-repeater-item-99b882a\">\n\t\t\t<a href=\"https:\/\/www.instagram.com\/artacoiffeur\" target=\"_blank\" aria-label=\"Pinterest\" rel=\"noopener\">\n\t\t\t\t<i aria-hidden=\"true\" class=\"jki jki-instagram-2-light\"><\/i>\t\t\t<\/a>\n\t\t<\/li>\n\t<\/ul>\n\t\t\t\t\t\t\t\t<\/div>\n\t\t\t\t\t\t\t\t\t\t\t\t\t<\/div>\n\t\t\t\t\t<\/div>\n\t\t\t\t\t <\/div> \n\t\t\t\t\n\t\t\t\t<\/div>\t\t\t\t<\/div>\n\t\t\t\t<\/div>\n\t\t\t\t<\/div>\n\t\t\t\t<\/div>\n\t\t\t\t\t<\/div>\n\t\t\t\t<\/div>\n\t\t<div class=\"elementor-element elementor-element-a10106c e-flex e-con-boxed e-con e-parent\" data-id=\"a10106c\" data-element_type=\"container\" data-e-type=\"container\" data-settings=\"{&quot;background_background&quot;:&quot;classic&quot;,&quot;jet_parallax_layout_list&quot;:[]}\">\n\t\t\t\t\t<div class=\"e-con-inner\">\n\t\t\t\t<div class=\"elementor-element elementor-element-fc53172 elementor-invisible elementor-widget elementor-widget-text-editor\" data-id=\"fc53172\" data-element_type=\"widget\" data-e-type=\"widget\" data-settings=\"{&quot;_animation&quot;:&quot;fadeIn&quot;}\" data-widget_type=\"text-editor.default\">\n\t\t\t\t<div class=\"elementor-widget-container\">\n\t\t\t\t\t\t\t\t\t<p><span style=\"color: #000000;\">Unser Salon<\/span><\/p>\t\t\t\t\t\t\t\t<\/div>\n\t\t\t\t<\/div>\n\t\t\t\t<div class=\"elementor-element elementor-element-424b297 elementor-invisible elementor-widget elementor-widget-heading\" data-id=\"424b297\" data-element_type=\"widget\" data-e-type=\"widget\" data-settings=\"{&quot;_animation&quot;:&quot;fadeIn&quot;,&quot;_animation_delay&quot;:200}\" data-widget_type=\"heading.default\">\n\t\t\t\t<div class=\"elementor-widget-container\">\n\t\t\t\t\t<h2 class=\"elementor-heading-title elementor-size-default\">Impression<\/h2>\t\t\t\t<\/div>\n\t\t\t\t<\/div>\n\t\t\t\t<div class=\"elementor-element elementor-element-813482a elementor-widget elementor-widget-gallery\" data-id=\"813482a\" data-element_type=\"widget\" data-e-type=\"widget\" data-settings=\"{&quot;lazyload&quot;:&quot;yes&quot;,&quot;gallery_layout&quot;:&quot;grid&quot;,&quot;columns&quot;:4,&quot;columns_tablet&quot;:2,&quot;columns_mobile&quot;:1,&quot;gap&quot;:{&quot;unit&quot;:&quot;px&quot;,&quot;size&quot;:10,&quot;sizes&quot;:[]},&quot;gap_tablet&quot;:{&quot;unit&quot;:&quot;px&quot;,&quot;size&quot;:10,&quot;sizes&quot;:[]},&quot;gap_mobile&quot;:{&quot;unit&quot;:&quot;px&quot;,&quot;size&quot;:10,&quot;sizes&quot;:[]},&quot;link_to&quot;:&quot;file&quot;,&quot;aspect_ratio&quot;:&quot;3:2&quot;,&quot;overlay_background&quot;:&quot;yes&quot;,&quot;content_hover_animation&quot;:&quot;fade-in&quot;}\" data-widget_type=\"gallery.default\">\n\t\t\t\t<div class=\"elementor-widget-container\">\n\t\t\t\t\t\t\t<div class=\"elementor-gallery__container\">\n\t\t\t\t\t\t\t<a class=\"e-gallery-item elementor-gallery-item elementor-animated-content\" href=\"https:\/\/artacoiffeur.nl\/wp-content\/uploads\/2024\/03\/1.jpg\" data-elementor-open-lightbox=\"yes\" data-elementor-lightbox-slideshow=\"813482a\" data-e-action-hash=\"#elementor-action%3Aaction%3Dlightbox%26settings%3DeyJpZCI6Mjc0LCJ1cmwiOiJodHRwczpcL1wvYXJ0YWNvaWZmZXVyLm5sXC93cC1jb250ZW50XC91cGxvYWRzXC8yMDI0XC8wM1wvMS5qcGciLCJzbGlkZXNob3ciOiI4MTM0ODJhIn0%3D\">\n\t\t\t\t\t<div class=\"e-gallery-image elementor-gallery-item__image\" data-thumbnail=\"https:\/\/artacoiffeur.nl\/wp-content\/uploads\/2024\/03\/1-768x576.jpg\" data-width=\"768\" data-height=\"576\" aria-label=\"Friseur Friseursalon Maastricht\" role=\"img\" ><\/div>\n\t\t\t\t\t\t\t\t\t\t\t<div class=\"elementor-gallery-item__overlay\"><\/div>\n\t\t\t\t\t\t\t\t\t\t\t\t\t\t<\/a>\n\t\t\t\t\t\t\t<a class=\"e-gallery-item elementor-gallery-item elementor-animated-content\" href=\"https:\/\/artacoiffeur.nl\/wp-content\/uploads\/2024\/03\/3.jpg\" data-elementor-open-lightbox=\"yes\" data-elementor-lightbox-slideshow=\"813482a\" data-e-action-hash=\"#elementor-action%3Aaction%3Dlightbox%26settings%3DeyJpZCI6MjgwLCJ1cmwiOiJodHRwczpcL1wvYXJ0YWNvaWZmZXVyLm5sXC93cC1jb250ZW50XC91cGxvYWRzXC8yMDI0XC8wM1wvMy5qcGciLCJzbGlkZXNob3ciOiI4MTM0ODJhIn0%3D\">\n\t\t\t\t\t<div class=\"e-gallery-image elementor-gallery-item__image\" data-thumbnail=\"https:\/\/artacoiffeur.nl\/wp-content\/uploads\/2024\/03\/3-768x576.jpg\" data-width=\"768\" data-height=\"576\" aria-label=\"Friseur Friseursalon Maastricht\" role=\"img\" ><\/div>\n\t\t\t\t\t\t\t\t\t\t\t<div class=\"elementor-gallery-item__overlay\"><\/div>\n\t\t\t\t\t\t\t\t\t\t\t\t\t\t<\/a>\n\t\t\t\t\t\t\t<a class=\"e-gallery-item elementor-gallery-item elementor-animated-content\" href=\"https:\/\/artacoiffeur.nl\/wp-content\/uploads\/2024\/03\/8.jpg\" data-elementor-open-lightbox=\"yes\" data-elementor-lightbox-slideshow=\"813482a\" data-e-action-hash=\"#elementor-action%3Aaction%3Dlightbox%26settings%3DeyJpZCI6Mjc1LCJ1cmwiOiJodHRwczpcL1wvYXJ0YWNvaWZmZXVyLm5sXC93cC1jb250ZW50XC91cGxvYWRzXC8yMDI0XC8wM1wvOC5qcGciLCJzbGlkZXNob3ciOiI4MTM0ODJhIn0%3D\">\n\t\t\t\t\t<div class=\"e-gallery-image elementor-gallery-item__image\" data-thumbnail=\"https:\/\/artacoiffeur.nl\/wp-content\/uploads\/2024\/03\/8-768x576.jpg\" data-width=\"768\" data-height=\"576\" aria-label=\"Friseur Friseursalon Maastricht\" role=\"img\" ><\/div>\n\t\t\t\t\t\t\t\t\t\t\t<div class=\"elementor-gallery-item__overlay\"><\/div>\n\t\t\t\t\t\t\t\t\t\t\t\t\t\t<\/a>\n\t\t\t\t\t\t\t<a class=\"e-gallery-item elementor-gallery-item elementor-animated-content\" href=\"https:\/\/artacoiffeur.nl\/wp-content\/uploads\/2024\/03\/7.jpg\" data-elementor-open-lightbox=\"yes\" data-elementor-lightbox-slideshow=\"813482a\" data-e-action-hash=\"#elementor-action%3Aaction%3Dlightbox%26settings%3DeyJpZCI6Mjc2LCJ1cmwiOiJodHRwczpcL1wvYXJ0YWNvaWZmZXVyLm5sXC93cC1jb250ZW50XC91cGxvYWRzXC8yMDI0XC8wM1wvNy5qcGciLCJzbGlkZXNob3ciOiI4MTM0ODJhIn0%3D\">\n\t\t\t\t\t<div class=\"e-gallery-image elementor-gallery-item__image\" data-thumbnail=\"https:\/\/artacoiffeur.nl\/wp-content\/uploads\/2024\/03\/7-768x576.jpg\" data-width=\"768\" data-height=\"576\" aria-label=\"Friseur Friseursalon Maastricht\" role=\"img\" ><\/div>\n\t\t\t\t\t\t\t\t\t\t\t<div class=\"elementor-gallery-item__overlay\"><\/div>\n\t\t\t\t\t\t\t\t\t\t\t\t\t\t<\/a>\n\t\t\t\t\t\t\t<a class=\"e-gallery-item elementor-gallery-item elementor-animated-content\" href=\"https:\/\/artacoiffeur.nl\/wp-content\/uploads\/2025\/11\/JUNE-2022_ABC_Community_Flatlay_Shooting_06_20223816.jpg\" data-elementor-open-lightbox=\"yes\" data-elementor-lightbox-slideshow=\"813482a\" data-e-action-hash=\"#elementor-action%3Aaction%3Dlightbox%26settings%3DeyJpZCI6NjE0LCJ1cmwiOiJodHRwczpcL1wvYXJ0YWNvaWZmZXVyLm5sXC93cC1jb250ZW50XC91cGxvYWRzXC8yMDI1XC8xMVwvSlVORS0yMDIyX0FCQ19Db21tdW5pdHlfRmxhdGxheV9TaG9vdGluZ18wNl8yMDIyMzgxNi5qcGciLCJzbGlkZXNob3ciOiI4MTM0ODJhIn0%3D\">\n\t\t\t\t\t<div class=\"e-gallery-image elementor-gallery-item__image\" data-thumbnail=\"https:\/\/artacoiffeur.nl\/wp-content\/uploads\/2025\/11\/JUNE-2022_ABC_Community_Flatlay_Shooting_06_20223816-768x960.jpg\" data-width=\"768\" data-height=\"960\" aria-label=\"\" role=\"img\" ><\/div>\n\t\t\t\t\t\t\t\t\t\t\t<div class=\"elementor-gallery-item__overlay\"><\/div>\n\t\t\t\t\t\t\t\t\t\t\t\t\t\t<\/a>\n\t\t\t\t\t\t\t<a class=\"e-gallery-item elementor-gallery-item elementor-animated-content\" href=\"https:\/\/artacoiffeur.nl\/wp-content\/uploads\/2024\/03\/5.jpg\" data-elementor-open-lightbox=\"yes\" data-elementor-lightbox-slideshow=\"813482a\" data-e-action-hash=\"#elementor-action%3Aaction%3Dlightbox%26settings%3DeyJpZCI6Mjc4LCJ1cmwiOiJodHRwczpcL1wvYXJ0YWNvaWZmZXVyLm5sXC93cC1jb250ZW50XC91cGxvYWRzXC8yMDI0XC8wM1wvNS5qcGciLCJzbGlkZXNob3ciOiI4MTM0ODJhIn0%3D\">\n\t\t\t\t\t<div class=\"e-gallery-image elementor-gallery-item__image\" data-thumbnail=\"https:\/\/artacoiffeur.nl\/wp-content\/uploads\/2024\/03\/5-768x576.jpg\" data-width=\"768\" data-height=\"576\" aria-label=\"Friseur Friseursalon Maastricht\" role=\"img\" ><\/div>\n\t\t\t\t\t\t\t\t\t\t\t<div class=\"elementor-gallery-item__overlay\"><\/div>\n\t\t\t\t\t\t\t\t\t\t\t\t\t\t<\/a>\n\t\t\t\t\t\t\t<a class=\"e-gallery-item elementor-gallery-item elementor-animated-content\" href=\"https:\/\/artacoiffeur.nl\/wp-content\/uploads\/2024\/03\/4.jpg\" data-elementor-open-lightbox=\"yes\" data-elementor-lightbox-slideshow=\"813482a\" data-e-action-hash=\"#elementor-action%3Aaction%3Dlightbox%26settings%3DeyJpZCI6Mjc5LCJ1cmwiOiJodHRwczpcL1wvYXJ0YWNvaWZmZXVyLm5sXC93cC1jb250ZW50XC91cGxvYWRzXC8yMDI0XC8wM1wvNC5qcGciLCJzbGlkZXNob3ciOiI4MTM0ODJhIn0%3D\">\n\t\t\t\t\t<div class=\"e-gallery-image elementor-gallery-item__image\" data-thumbnail=\"https:\/\/artacoiffeur.nl\/wp-content\/uploads\/2024\/03\/4-768x576.jpg\" data-width=\"768\" data-height=\"576\" aria-label=\"Friseur Friseursalon Maastricht\" role=\"img\" ><\/div>\n\t\t\t\t\t\t\t\t\t\t\t<div class=\"elementor-gallery-item__overlay\"><\/div>\n\t\t\t\t\t\t\t\t\t\t\t\t\t\t<\/a>\n\t\t\t\t\t\t\t<a class=\"e-gallery-item elementor-gallery-item elementor-animated-content\" href=\"https:\/\/artacoiffeur.nl\/wp-content\/uploads\/2024\/03\/2.jpg\" data-elementor-open-lightbox=\"yes\" data-elementor-lightbox-slideshow=\"813482a\" data-e-action-hash=\"#elementor-action%3Aaction%3Dlightbox%26settings%3DeyJpZCI6MjgxLCJ1cmwiOiJodHRwczpcL1wvYXJ0YWNvaWZmZXVyLm5sXC93cC1jb250ZW50XC91cGxvYWRzXC8yMDI0XC8wM1wvMi5qcGciLCJzbGlkZXNob3ciOiI4MTM0ODJhIn0%3D\">\n\t\t\t\t\t<div class=\"e-gallery-image elementor-gallery-item__image\" data-thumbnail=\"https:\/\/artacoiffeur.nl\/wp-content\/uploads\/2024\/03\/2-768x576.jpg\" data-width=\"768\" data-height=\"576\" aria-label=\"Friseur Friseursalon Maastricht\" role=\"img\" ><\/div>\n\t\t\t\t\t\t\t\t\t\t\t<div class=\"elementor-gallery-item__overlay\"><\/div>\n\t\t\t\t\t\t\t\t\t\t\t\t\t\t<\/a>\n\t\t\t\t\t<\/div>\n\t\t\t\t\t<\/div>\n\t\t\t\t<\/div>\n\t\t\t\t\t<\/div>\n\t\t\t\t<\/div>\n\t\t\t\t<\/div>","protected":false},"excerpt":{"rendered":"<p>Over ons Een bezoek aan Arta is Meer dan een bezoek aan de kapper Bezoek Arta Coiffeur, d\u00e9 kapper in het Stokstraatkwartier van Maastricht sinds 1970. Laat ons ervaren team jouw haar verzorgen in onze kapsalon, terwijl je ontspant met een heerlijke hoofdmassage. Gelegen in de levendige Stokstraat, bieden wij kwaliteit en ontspanning voor jouw [&hellip;]<\/p>\n","protected":false},"author":1,"featured_media":0,"parent":0,"menu_order":0,"comment_status":"closed","ping_status":"closed","template":"elementor_header_footer","meta":{"footnotes":""},"class_list":["post-245","page","type-page","status-publish","hentry"],"_links":{"self":[{"href":"https:\/\/artacoiffeur.nl\/de\/wp-json\/wp\/v2\/pages\/245","targetHints":{"allow":["GET"]}}],"collection":[{"href":"https:\/\/artacoiffeur.nl\/de\/wp-json\/wp\/v2\/pages"}],"about":[{"href":"https:\/\/artacoiffeur.nl\/de\/wp-json\/wp\/v2\/types\/page"}],"author":[{"embeddable":true,"href":"https:\/\/artacoiffeur.nl\/de\/wp-json\/wp\/v2\/users\/1"}],"replies":[{"embeddable":true,"href":"https:\/\/artacoiffeur.nl\/de\/wp-json\/wp\/v2\/comments?post=245"}],"version-history":[{"count":49,"href":"https:\/\/artacoiffeur.nl\/de\/wp-json\/wp\/v2\/pages\/245\/revisions"}],"predecessor-version":[{"id":617,"href":"https:\/\/artacoiffeur.nl\/de\/wp-json\/wp\/v2\/pages\/245\/revisions\/617"}],"wp:attachment":[{"href":"https:\/\/artacoiffeur.nl\/de\/wp-json\/wp\/v2\/media?parent=245"}],"curies":[{"name":"wp","href":"https:\/\/api.w.org\/{rel}","templated":true}]}}